{"id":11631,"date":"2021-06-03T16:26:24","date_gmt":"2021-06-03T16:26:24","guid":{"rendered":"https:\/\/www.treatwell.fr\/inspiration\/?page_id=11631"},"modified":"2021-06-28T15:02:34","modified_gmt":"2021-06-28T15:02:34","slug":"clean-ocean-cut","status":"publish","type":"page","link":"https:\/\/www.treatwell.fr/inspiration\/clean-ocean-cut\/","title":{"rendered":"Clean Ocean Cut"},"content":{"rendered":"<p>\t\t\t\t<img loading=\"lazy\" decoding=\"async\" src=\"https:\/\/www.treatwell.fr/inspiration\/wp-content\/uploads\/sites\/4\/2021\/06\/lockUp_WriteOn_LandingPage_2048x720.gif\" alt=\"lockUp_WriteOn_LandingPage_2048x720\" height=\"720\" width=\"2048\" title=\"lockUp_WriteOn_LandingPage_2048x720\" \/><br \/>\n\t\t\t\t<img loading=\"lazy\" decoding=\"async\" src=\"https:\/\/www.treatwell.fr/inspiration\/wp-content\/uploads\/sites\/4\/2021\/06\/GLO_COC_LP_Mobile_Header_EJ.jpg\" alt=\"GLO_COC_LP_Mobile_Header_EJ\" height=\"1212\" width=\"2048\" title=\"GLO_COC_LP_Mobile_Header_EJ\" \/><\/p>\n<p>L&rsquo;\u00e9quilibre de notre Plan\u00e8te est menac\u00e9 et nous savons tous \u00e0 quel point la nature souffre en ce moment. En cette p\u00e9riode d\u00e9licate, on peut parfois se sentir impuissant face \u00e0 tout ce qu&rsquo;il se passe dans le monde. Dans les oc\u00e9ans, la pollution et les d\u00e9versements d&rsquo;hydrocarbures d\u00e9vastateurs font la une des journaux ou apparaissent entre deux stories Instagram avec un bouton \u00ab\u00a0en savoir plus\u00a0\u00bb &#8211; mais h\u00e9l\u00e0s, faire une bonne action peut encore para\u00eetre hors de port\u00e9e. C&rsquo;est pourquoi en d\u00e9cidant d&rsquo;agir, nous voulons nous assurer que cela soit accessible \u00e0 tout le monde &#8211; o\u00f9 que vous soyez et peu importe les circonstances.<\/p>\n<p>Difficile de croire qu&rsquo;un simple rendez-vous chez le coiffeur puisse devenir une action proactive environnementale, mais avec l&rsquo;aide de Coiffeurs Justes &#8211; l&rsquo;association pour le recyclage de cheveux &#8211; nous avons trouv\u00e9 un moyen pour que votre coupe mensuelle (hebdomadaire ou annuelle) se transforme en un v\u00e9ritable geste pour la Plan\u00e8te.<\/p>\n<p><strong>Soutenons la cause<br \/>\nClean Ocean Cut<\/strong><\/p>\n<p>&nbsp;<\/p>\n<p><strong>Ensemble<br \/>\nRecyclons nos cheveux<br \/>\npour nettoyer les oc\u00e9ans<\/strong><\/p>\n<p><strong>Soutenons la cause<br \/>\nClean Ocean Cut<\/strong><\/p>\n<p>&nbsp;<\/p>\n<p><strong>Ensemble<br \/>\nRecyclons nos cheveux<br \/>\npour nettoyer les oc\u00e9ans<\/strong><\/p>\n<p><strong>Que faut-il savoir<br \/>\n(et pourquoi devons-nous agir) ?<\/strong><\/p>\n<p>Les d\u00e9versements d&rsquo;hydrocarbures dans les mers sont d\u00e9vastateurs : ils tuent les animaux marins et d\u00e9truisent leur habitat naturel. Jusqu&rsquo;\u00e0 aujourd&rsquo;hui, les m\u00e9thodes choisies pour r\u00e9guler les mar\u00e9es noires se sont r\u00e9v\u00e9l\u00e9es co\u00fbteuses, inefficaces et tout aussi nocives pour l&rsquo;environnement. C&rsquo;est l\u00e0 que le cheveu intervient.<\/p>\n<p>Le cheveu est lipophile : il a la capacit\u00e9 d&rsquo;absorber les produits gras et huileux (raison pour laquelle nous devons r\u00e9guli\u00e8rement nous laver les cheveux) &#8211; et ce m\u00eame dans l&rsquo;eau. Des \u00e9tudes ont prouv\u00e9 que, utilis\u00e9 dans les mers et les oc\u00e9ans, les cheveux pouvaient attirer les hydrocarbures et les d\u00e9versements chimiques pour nettoyer les fonds marins. Et le meilleur dans tout \u00e7a ? Le cheveu est une ressource naturelle, durable et in\u00e9puisable. C&rsquo;est donc l\u00e0 o\u00f9 vous et votre salon de coiffure entrez en sc\u00e8ne.<\/p>\n<p>Soyez de<br \/>\nm\u00e8che avec nous<\/p>\n<p>Participer \u00e0 cette belle cause est aussi simple que de s&rsquo;offrir une coupe de cheveux. Pour ce faire, il vous suffit de choisir un de nos coiffeurs participants et de r\u00e9server votre nouvelle coupe. Rien de plus facile.<\/p>\n<p>\t\t\t<a href=\"https:\/\/www.treatwell.fr\/salons\/etiquette-clean-ocean-cut\/\" target=\"_blank\" role=\"button\" rel=\"noopener\"><br \/>\n\t\t\t\t\t\t\tTrouvez un salon<br \/>\n\t\t\t\t\t<\/a><br \/>\n\t\t\tTrouvez un salon<\/p>\n<p><a href=\"https:\/\/www.treatwell.fr\/salon\/espace-coiffure-seyna-beaute\/\">Seyna beaut\u00e9<\/a><\/p>\n<p><a href=\"https:\/\/www.treatwell.fr\/salon\/best-cut-paris-19\/\" target=\"_blank\" rel=\"noopener noreferrer\">Best cut Paris<\/a><\/p>\n<p><a href=\"https:\/\/www.treatwell.fr\/salon\/amber-5\/\" target=\"_blank\" rel=\"noopener noreferrer\">Salon Amber<\/a><\/p>\n<p><a href=\"https:\/\/www.treatwell.fr\/salon\/sayaline-coiffure-maquillage-barbier\/\">Sayaline<\/a><\/p>\n<p><a href=\"https:\/\/www.treatwell.fr\/salon\/diderio-saint-maur\/\">Diderio Sain-Maur<\/a><\/p>\n<p><a href=\"https:\/\/www.treatwell.fr\/salon\/diderio-paris\/\">Diderio Paris<\/a><\/p>\n<p><a href=\"https:\/\/www.treatwell.fr\/salon\/salon-mademoiselle-s\/\">Mademoiselle S<\/a><\/p>\n<p><a href=\"https:\/\/www.treatwell.fr\/salon\/le-salon-15eme\/\">Le Salon<\/a><\/p>\n<p><a href=\"https:\/\/www.treatwell.fr\/salon\/njc-coiffure-beaute\/\">Njc Coiffure &amp; beaut\u00e9<\/a><\/p>\n<p><a href=\"https:\/\/www.treatwell.fr\/salon\/ar-t-beaute\/\">Ar&rsquo;t Beaut\u00e9<\/a><\/p>\n<p><a href=\"https:\/\/www.treatwell.fr\/salon\/l-atelier-de-jesse\/\">L&rsquo;atelier de jesse<\/a><\/p>\n<p>\t\t\t\t<img loading=\"lazy\" decoding=\"async\" src=\"https:\/\/www.treatwell.fr/inspiration\/wp-content\/uploads\/sites\/4\/2021\/06\/GLO_COC_Infographic_EJ_V2-01-4.png\" alt=\"GLO_COC_Infographic_EJ_V2-01\" height=\"1482\" width=\"1606\" title=\"GLO_COC_Infographic_EJ_V2-01\" \/><\/p>\n<p>Soyez de<br \/>\nm\u00e8che avec nous<\/p>\n<p>Participer \u00e0 cette belle cause est aussi simple que de s&rsquo;offrir une coupe de cheveux. Pour ce faire, il vous suffit de choisir un de nos coiffeurs participants et de r\u00e9server votre nouvelle coupe. Rien de plus facile.<\/p>\n<p>\t\t\t<a href=\"https:\/\/www.treatwell.fr\/salons\/etiquette-clean-ocean-cut\/\" target=\"_blank\" role=\"button\" rel=\"noopener\"><br \/>\n\t\t\t\t\t\t\tTrouvez un salon<br \/>\n\t\t\t\t\t<\/a><\/p>\n<p><strong>1\u00e8re \u00e9tape <\/strong><\/p>\n<p>R\u00e9servez votre coupe de cheveux chez un de nos salons participants (vous pouvez parcourir la liste en cliquant sur le lien plus bas).<\/p>\n<p><strong>2\u00e8me \u00e9tape <\/strong><\/p>\n<p>Vos cheveux coup\u00e9s seront recueillis, emball\u00e9s et envoy\u00e9s \u00e0 nos partenaires, l&rsquo;association Coiffeurs Justes.<\/p>\n<p><strong>3\u00e8me \u00e9tape <\/strong><\/p>\n<p>Les cheveux recueillis (des tonnes et des tonnes) se verront ensuite recycl\u00e9s en filtres anti-pollution.<\/p>\n<p><strong>4\u00e8me \u00e9tape <\/strong><\/p>\n<p>Ces filtres flottants serviront alors \u00e0 absorber les hydrocarbures qui polluent les eaux &#8211; en nettoyant ainsi nos chers oc\u00e9ans. Incroyable, n&rsquo;est-ce pas ?<\/p>\n<p><strong>\u00c0 propos<br \/>\n<\/strong><strong>\u00a0 \u00a0 de Coiffeurs Justes<\/strong><\/p>\n<p>C&rsquo;est en 2015 que Thierry Gras, coiffeur professionnel originaire du Var, a la brillante id\u00e9e de fonder une association pour le recyclage des cheveux : Coiffeurs Justes.<\/p>\n<p>Sa vision ? Sensibiliser les coiffeurs de toute la France et valoriser le cheveu en action d\u00e9polluante. Plus question de jeter les cheveux coup\u00e9s des clients \u00e0 la poubelle : ils se verront transform\u00e9s en filtres anti-pollution destin\u00e9s \u00e0 nettoyer le oc\u00e9ans. C&rsquo;est une deuxi\u00e8me vie qui s&rsquo;offre \u00e0 vos cheveux et un beau geste pour la Plan\u00e8te.<\/p>\n<p>\t\t\t\t<img loading=\"lazy\" decoding=\"async\" src=\"https:\/\/www.treatwell.fr/inspiration\/wp-content\/uploads\/sites\/4\/2021\/05\/870x489_logocoiffeursjustes-1-300x168.jpg\" alt=\"870x489_logocoiffeursjustes-1\" height=\"168\" width=\"300\" title=\"870x489_logocoiffeursjustes-1\" \/><br \/>\n\t\t\t\t<img loading=\"lazy\" decoding=\"async\" src=\"https:\/\/www.treatwell.fr/inspiration\/wp-content\/uploads\/sites\/4\/2021\/06\/CJ_Image_2.jpg\" alt=\"CJ_Image_2\" height=\"1018\" width=\"1026\" title=\"CJ_Image_2\" \/><\/p>\n<p><strong>\u00c0 propos<br \/>\n<\/strong><strong>\u00a0 \u00a0 de Coiffeurs Justes<\/strong><\/p>\n<p>C&rsquo;est en 2015 que Thierry Gras, coiffeur professionnel originaire du Var, a la brillante id\u00e9e de fonder une association pour le recyclage des cheveux : Coiffeurs Justes.<\/p>\n<p>Sa vision ? Sensibiliser les coiffeurs de toute la France et valoriser le cheveu en action d\u00e9polluante. Plus question de jeter les cheveux coup\u00e9s des clients \u00e0 la poubelle : ils se verront transform\u00e9s en filtres anti-pollution destin\u00e9s \u00e0 nettoyer le oc\u00e9ans. C&rsquo;est une deuxi\u00e8me vie qui s&rsquo;offre \u00e0 vos cheveux et un beau geste pour la Plan\u00e8te.<\/p>\n<p>\t\t\t\t<img loading=\"lazy\" decoding=\"async\" src=\"https:\/\/www.treatwell.fr/inspiration\/wp-content\/uploads\/sites\/4\/2021\/05\/870x489_logocoiffeursjustes-1-300x168.jpg\" alt=\"870x489_logocoiffeursjustes-1\" height=\"168\" width=\"300\" title=\"870x489_logocoiffeursjustes-1\" \/><br \/>\n\t\t\t\t<img loading=\"lazy\" decoding=\"async\" src=\"https:\/\/www.treatwell.fr/inspiration\/wp-content\/uploads\/sites\/4\/2021\/06\/CJ_Image_2.jpg\" alt=\"CJ_Image_2\" height=\"1018\" width=\"1026\" title=\"CJ_Image_2\" \/><\/p>\n<p><strong>Des cheveux ? Vraiment ?<\/strong><\/p>\n<p>Oui, vraiment. Voici quelques donn\u00e9es<br \/>\nqui vous \u00e9claireront sur le sujet :<\/p>\n<p><strong>Des cheveux ? Vraiment ?<\/strong><\/p>\n<p>Oui, vraiment. Voici quelques donn\u00e9es<br \/>\nqui vous \u00e9claireront sur le sujet : <\/p>\n<p>\t\t\t<img decoding=\"async\" src=\"https:\/\/www.treatwell.fr/inspiration\/wp-content\/uploads\/sites\/4\/2021\/06\/Carousel_Stats-05-1.png\" alt=\"\" \/><br \/>\n\t\t\t\t<img decoding=\"async\" src=\"https:\/\/www.treatwell.fr/inspiration\/wp-content\/uploads\/sites\/4\/2021\/06\/Carousel_Stats-05-1.png\" alt=\"\" \/><br \/>\n\t\t\t<img decoding=\"async\" src=\"https:\/\/www.treatwell.fr/inspiration\/wp-content\/uploads\/sites\/4\/2021\/06\/Carousel_Stats-07-1.png\" alt=\"\" \/><br \/>\n\t\t\t\t<img decoding=\"async\" src=\"https:\/\/www.treatwell.fr/inspiration\/wp-content\/uploads\/sites\/4\/2021\/06\/Carousel_Stats-07-1.png\" alt=\"\" \/><br \/>\n\t\t\t<img decoding=\"async\" src=\"https:\/\/www.treatwell.fr/inspiration\/wp-content\/uploads\/sites\/4\/2021\/06\/Carousel_Stats-08-1.png\" alt=\"\" \/><br \/>\n\t\t\t\t<img decoding=\"async\" src=\"https:\/\/www.treatwell.fr/inspiration\/wp-content\/uploads\/sites\/4\/2021\/06\/Carousel_Stats-08-1.png\" alt=\"\" \/><br \/>\n\t\t\t<img decoding=\"async\" src=\"https:\/\/www.treatwell.fr/inspiration\/wp-content\/uploads\/sites\/4\/2021\/06\/Carousel_Stats-06-1.png\" alt=\"\" \/><br \/>\n\t\t\t\t<img decoding=\"async\" src=\"https:\/\/www.treatwell.fr/inspiration\/wp-content\/uploads\/sites\/4\/2021\/06\/Carousel_Stats-06-1.png\" alt=\"\" \/><br \/>\n\t\t\t\t<a href=\"#\" role=\"button\"><br \/>\n<\/a><br \/>\n\t\t\t\t<a href=\"#\" role=\"button\"><br \/>\n<\/a><\/p>\n","protected":false},"excerpt":{"rendered":"<p>L&rsquo;\u00e9quilibre de notre Plan\u00e8te est menac\u00e9 et nous savons tous \u00e0 quel point la nature souffre en ce moment. En cette p\u00e9riode d\u00e9licate, on peut parfois se sentir impuissant face \u00e0 tout ce qu&rsquo;il se passe dans le monde. Dans les oc\u00e9ans, la pollution et les d\u00e9versements d&rsquo;hydrocarbures d\u00e9vastateurs font la une des journaux ou&hellip;<\/p>\n","protected":false},"author":117,"featured_media":0,"parent":0,"menu_order":0,"comment_status":"closed","ping_status":"closed","template":"","meta":{"inline_featured_image":false,"footnotes":""},"class_list":["post-11631","page","type-page","status-publish","hentry"],"yoast_head":"<!-- This site is optimized with the Yoast SEO plugin v27.4 - https:\/\/yoast.com\/product\/yoast-seo-wordpress\/ -->\n<title>Clean Ocean Cut - Treatwell FR<\/title>\n<meta name=\"robots\" content=\"index, follow, max-snippet:-1, max-image-preview:large, max-video-preview:-1\" \/>\n<link rel=\"canonical\" href=\"https:\/\/www.treatwell.fr/inspiration\/clean-ocean-cut\/\" \/>\n<meta property=\"og:locale\" content=\"fr_FR\" \/>\n<meta property=\"og:type\" content=\"article\" \/>\n<meta property=\"og:title\" content=\"Clean Ocean Cut - Treatwell FR\" \/>\n<meta property=\"og:description\" content=\"L&rsquo;\u00e9quilibre de notre Plan\u00e8te est menac\u00e9 et nous savons tous \u00e0 quel point la nature souffre en ce moment. En cette p\u00e9riode d\u00e9licate, on peut parfois se sentir impuissant face \u00e0 tout ce qu&rsquo;il se passe dans le monde. Dans les oc\u00e9ans, la pollution et les d\u00e9versements d&rsquo;hydrocarbures d\u00e9vastateurs font la une des journaux ou&hellip;\" \/>\n<meta property=\"og:url\" content=\"https:\/\/www.treatwell.fr/inspiration\/clean-ocean-cut\/\" \/>\n<meta property=\"og:site_name\" content=\"Treatwell FR\" \/>\n<meta property=\"article:modified_time\" content=\"2021-06-28T15:02:34+00:00\" \/>\n<meta property=\"og:image\" content=\"https:\/\/www.treatwell.fr/inspiration\/wp-content\/uploads\/sites\/4\/2021\/06\/lockUp_WriteOn_LandingPage_2048x720.gif\" \/>\n<meta name=\"twitter:card\" content=\"summary_large_image\" \/>\n<meta name=\"twitter:label1\" content=\"Dur\u00e9e de lecture estim\u00e9e\" \/>\n\t<meta name=\"twitter:data1\" content=\"4 minutes\" \/>\n<script type=\"application\/ld+json\" class=\"yoast-schema-graph\">{\"@context\":\"https:\\\/\\\/schema.org\",\"@graph\":[{\"@type\":\"WebPage\",\"@id\":\"https:\\\/\\\/www.treatwell.fr/inspiration\\\/clean-ocean-cut\\\/\",\"url\":\"https:\\\/\\\/www.treatwell.fr/inspiration\\\/clean-ocean-cut\\\/\",\"name\":\"Clean Ocean Cut - Treatwell FR\",\"isPartOf\":{\"@id\":\"https:\\\/\\\/www.treatwell.fr/inspiration\\\/#website\"},\"primaryImageOfPage\":{\"@id\":\"https:\\\/\\\/www.treatwell.fr/inspiration\\\/clean-ocean-cut\\\/#primaryimage\"},\"image\":{\"@id\":\"https:\\\/\\\/www.treatwell.fr/inspiration\\\/clean-ocean-cut\\\/#primaryimage\"},\"thumbnailUrl\":\"https:\\\/\\\/www.treatwell.fr/inspiration\\\/wp-content\\\/uploads\\\/sites\\\/4\\\/2021\\\/06\\\/lockUp_WriteOn_LandingPage_2048x720.gif\",\"datePublished\":\"2021-06-03T16:26:24+00:00\",\"dateModified\":\"2021-06-28T15:02:34+00:00\",\"breadcrumb\":{\"@id\":\"https:\\\/\\\/www.treatwell.fr/inspiration\\\/clean-ocean-cut\\\/#breadcrumb\"},\"inLanguage\":\"fr-FR\",\"potentialAction\":[{\"@type\":\"ReadAction\",\"target\":[\"https:\\\/\\\/www.treatwell.fr/inspiration\\\/clean-ocean-cut\\\/\"]}]},{\"@type\":\"ImageObject\",\"inLanguage\":\"fr-FR\",\"@id\":\"https:\\\/\\\/www.treatwell.fr/inspiration\\\/clean-ocean-cut\\\/#primaryimage\",\"url\":\"https:\\\/\\\/www.treatwell.fr/inspiration\\\/wp-content\\\/uploads\\\/sites\\\/4\\\/2021\\\/06\\\/lockUp_WriteOn_LandingPage_2048x720.gif\",\"contentUrl\":\"https:\\\/\\\/www.treatwell.fr/inspiration\\\/wp-content\\\/uploads\\\/sites\\\/4\\\/2021\\\/06\\\/lockUp_WriteOn_LandingPage_2048x720.gif\",\"width\":2048,\"height\":720},{\"@type\":\"BreadcrumbList\",\"@id\":\"https:\\\/\\\/www.treatwell.fr/inspiration\\\/clean-ocean-cut\\\/#breadcrumb\",\"itemListElement\":[{\"@type\":\"ListItem\",\"position\":1,\"name\":\"Home\",\"item\":\"https:\\\/\\\/www.treatwell.fr/inspiration\\\/\"},{\"@type\":\"ListItem\",\"position\":2,\"name\":\"Clean Ocean Cut\"}]},{\"@type\":\"WebSite\",\"@id\":\"https:\\\/\\\/www.treatwell.fr/inspiration\\\/#website\",\"url\":\"https:\\\/\\\/www.treatwell.fr/inspiration\\\/\",\"name\":\"Treatwell FR\",\"description\":\"\",\"potentialAction\":[{\"@type\":\"SearchAction\",\"target\":{\"@type\":\"EntryPoint\",\"urlTemplate\":\"https:\\\/\\\/www.treatwell.fr/inspiration\\\/?s={search_term_string}\"},\"query-input\":{\"@type\":\"PropertyValueSpecification\",\"valueRequired\":true,\"valueName\":\"search_term_string\"}}],\"inLanguage\":\"fr-FR\"}]}<\/script>\n<!-- \/ Yoast SEO plugin. -->","yoast_head_json":{"title":"Clean Ocean Cut - Treatwell FR","robots":{"index":"index","follow":"follow","max-snippet":"max-snippet:-1","max-image-preview":"max-image-preview:large","max-video-preview":"max-video-preview:-1"},"canonical":"https:\/\/www.treatwell.fr/inspiration\/clean-ocean-cut\/","og_locale":"fr_FR","og_type":"article","og_title":"Clean Ocean Cut - Treatwell FR","og_description":"L&rsquo;\u00e9quilibre de notre Plan\u00e8te est menac\u00e9 et nous savons tous \u00e0 quel point la nature souffre en ce moment. En cette p\u00e9riode d\u00e9licate, on peut parfois se sentir impuissant face \u00e0 tout ce qu&rsquo;il se passe dans le monde. Dans les oc\u00e9ans, la pollution et les d\u00e9versements d&rsquo;hydrocarbures d\u00e9vastateurs font la une des journaux ou&hellip;","og_url":"https:\/\/www.treatwell.fr/inspiration\/clean-ocean-cut\/","og_site_name":"Treatwell FR","article_modified_time":"2021-06-28T15:02:34+00:00","og_image":[{"url":"https:\/\/www.treatwell.fr/inspiration\/wp-content\/uploads\/sites\/4\/2021\/06\/lockUp_WriteOn_LandingPage_2048x720.gif","type":"","width":"","height":""}],"twitter_card":"summary_large_image","twitter_misc":{"Dur\u00e9e de lecture estim\u00e9e":"4 minutes"},"schema":{"@context":"https:\/\/schema.org","@graph":[{"@type":"WebPage","@id":"https:\/\/www.treatwell.fr/inspiration\/clean-ocean-cut\/","url":"https:\/\/www.treatwell.fr/inspiration\/clean-ocean-cut\/","name":"Clean Ocean Cut - Treatwell FR","isPartOf":{"@id":"https:\/\/www.treatwell.fr/inspiration\/#website"},"primaryImageOfPage":{"@id":"https:\/\/www.treatwell.fr/inspiration\/clean-ocean-cut\/#primaryimage"},"image":{"@id":"https:\/\/www.treatwell.fr/inspiration\/clean-ocean-cut\/#primaryimage"},"thumbnailUrl":"https:\/\/www.treatwell.fr/inspiration\/wp-content\/uploads\/sites\/4\/2021\/06\/lockUp_WriteOn_LandingPage_2048x720.gif","datePublished":"2021-06-03T16:26:24+00:00","dateModified":"2021-06-28T15:02:34+00:00","breadcrumb":{"@id":"https:\/\/www.treatwell.fr/inspiration\/clean-ocean-cut\/#breadcrumb"},"inLanguage":"fr-FR","potentialAction":[{"@type":"ReadAction","target":["https:\/\/www.treatwell.fr/inspiration\/clean-ocean-cut\/"]}]},{"@type":"ImageObject","inLanguage":"fr-FR","@id":"https:\/\/www.treatwell.fr/inspiration\/clean-ocean-cut\/#primaryimage","url":"https:\/\/www.treatwell.fr/inspiration\/wp-content\/uploads\/sites\/4\/2021\/06\/lockUp_WriteOn_LandingPage_2048x720.gif","contentUrl":"https:\/\/www.treatwell.fr/inspiration\/wp-content\/uploads\/sites\/4\/2021\/06\/lockUp_WriteOn_LandingPage_2048x720.gif","width":2048,"height":720},{"@type":"BreadcrumbList","@id":"https:\/\/www.treatwell.fr/inspiration\/clean-ocean-cut\/#breadcrumb","itemListElement":[{"@type":"ListItem","position":1,"name":"Home","item":"https:\/\/www.treatwell.fr/inspiration\/"},{"@type":"ListItem","position":2,"name":"Clean Ocean Cut"}]},{"@type":"WebSite","@id":"https:\/\/www.treatwell.fr/inspiration\/#website","url":"https:\/\/www.treatwell.fr/inspiration\/","name":"Treatwell FR","description":"","potentialAction":[{"@type":"SearchAction","target":{"@type":"EntryPoint","urlTemplate":"https:\/\/www.treatwell.fr/inspiration\/?s={search_term_string}"},"query-input":{"@type":"PropertyValueSpecification","valueRequired":true,"valueName":"search_term_string"}}],"inLanguage":"fr-FR"}]}},"_links":{"self":[{"href":"https:\/\/www.treatwell.fr\/inspiration\/wp-json\/wp\/v2\/pages\/11631","targetHints":{"allow":["GET"]}}],"collection":[{"href":"https:\/\/www.treatwell.fr\/inspiration\/wp-json\/wp\/v2\/pages"}],"about":[{"href":"https:\/\/www.treatwell.fr\/inspiration\/wp-json\/wp\/v2\/types\/page"}],"author":[{"embeddable":true,"href":"https:\/\/www.treatwell.fr\/inspiration\/wp-json\/wp\/v2\/users\/117"}],"replies":[{"embeddable":true,"href":"https:\/\/www.treatwell.fr\/inspiration\/wp-json\/wp\/v2\/comments?post=11631"}],"version-history":[{"count":0,"href":"https:\/\/www.treatwell.fr\/inspiration\/wp-json\/wp\/v2\/pages\/11631\/revisions"}],"wp:attachment":[{"href":"https:\/\/www.treatwell.fr\/inspiration\/wp-json\/wp\/v2\/media?parent=11631"}],"curies":[{"name":"wp","href":"https:\/\/api.w.org\/{rel}","templated":true}]}}